{"id":57,"date":"2019-04-26T04:39:33","date_gmt":"2019-04-26T04:39:33","guid":{"rendered":"http:\/\/radiofronteras.fmmiradio.com\/?page_id=2"},"modified":"2025-08-30T12:04:20","modified_gmt":"2025-08-30T12:04:20","slug":"sample-page","status":"publish","type":"page","link":"https:\/\/fmpower.fmmiradio.com\/","title":{"rendered":"ULTIMAS NOTICIAS"},"content":{"rendered":"\n<div class=\"wp-block-columns has-2-columns is-layout-flex wp-container-core-columns-is-layout-1 wp-block-columns-is-layout-flex\">\n<div class=\"wp-block-column is-layout-flow wp-block-column-is-layout-flow\">\n<h2 class=\"wp-block-heading\">NOVEDADES<\/h2>\n\n\n\n<iframe loading=\"lazy\" src=\"https:\/\/www.facebook.com\/plugins\/page.php?href=https%3A%2F%2Fwww.facebook.com%2FCanal5ElTalar&#038;tabs=timeline&#038;width=340&#038;height=1080&#038;small_header=false&#038;adapt_container_width=false&#038;hide_cover=true&#038;show_facepile=false&#038;appId\" width=\"340\" height=\"1080\" style=\"border:none;overflow:hidden\" scrolling=\"no\" frameborder=\"0\" allowfullscreen=\"true\" allow=\"autoplay; clipboard-write; encrypted-media; picture-in-picture; web-share\"><\/iframe>\n<\/div>\n\n\n\n<div class=\"wp-block-column is-layout-flow wp-block-column-is-layout-flow\">\n<h2 class=\"wp-block-heading\">POL\u00cdTICA<\/h2>\n\n\n<div class=\"feedzy-cf726f215d36258fdd1469261a261343 feedzy-rss\"><ul><li  style=\"padding: 15px 0 25px\" class=\"rss_item\"><div class=\"rss_image\" style=\"height:150px;width:150px;\"><a href=\"https:\/\/www.clarin.com\/politica\/adorni-milei-diputados-sesion-normal-esperado-senales-polarizacion-extrema-aflojan_0_6Wa9reKP0r.html\" target=\"_blank\" rel=\" noopener\" title=\"Adorni y los Milei en Diputados: una sesi\u00f3n m\u00e1s \"normal\" que lo esperado, y se\u00f1ales de polarizaci\u00f3n extrema que no aflojan\" style=\"height:150px;width:150px;\"><img decoding=\"async\" src=\"https:\/\/www.clarin.com\/img\/2026\/04\/29\/jCOQrGQYS_1200x630__1.jpg\" title=\"Adorni y los Milei en Diputados: una sesi\u00f3n m\u00e1s &quot;normal&quot; que lo esperado, y se\u00f1ales de polarizaci\u00f3n extrema que no aflojan\" style=\"height:150px;width:150px;\"><\/a><\/div><span class=\"title\"><a href=\"https:\/\/www.clarin.com\/politica\/adorni-milei-diputados-sesion-normal-esperado-senales-polarizacion-extrema-aflojan_0_6Wa9reKP0r.html\" target=\"_blank\" rel=\" noopener\">Adorni y los Milei en Diputados: una sesi\u00f3n m\u00e1s &#8220;normal&#8221; que lo esperado, y se\u00f1ales de polarizaci\u00f3n extrema que no aflojan<\/a><\/span><div class=\"rss_content\" style=\"\"><p>La asistencia del Presidente y sus ministros en bloque no deja de llamar la atenci\u00f3n.La oposici\u00f3n se moder\u00f3 para que no se frustrara la sesi\u00f3n.<\/p><\/div><\/li><li  style=\"padding: 15px 0 25px\" class=\"rss_item\"><div class=\"rss_image\" style=\"height:150px;width:150px;\"><a href=\"https:\/\/www.clarin.com\/politica\/cruce-patricia-bullrich-manuel-adorni-juego-mauricio-macri_0_j0M9FEd8iR.html\" target=\"_blank\" rel=\" noopener\" title=\"El cruce de Patricia Bullrich con Manuel Adorni y el juego de Mauricio Macri\" style=\"height:150px;width:150px;\"><img decoding=\"async\" src=\"https:\/\/www.clarin.com\/img\/2024\/06\/24\/Q3UuBPUS6_1200x630__1.jpg\" title=\"El cruce de Patricia Bullrich con Manuel Adorni y el juego de Mauricio Macri\" style=\"height:150px;width:150px;\"><\/a><\/div><span class=\"title\"><a href=\"https:\/\/www.clarin.com\/politica\/cruce-patricia-bullrich-manuel-adorni-juego-mauricio-macri_0_j0M9FEd8iR.html\" target=\"_blank\" rel=\" noopener\">El cruce de Patricia Bullrich con Manuel Adorni y el juego de Mauricio Macri<\/a><\/span><div class=\"rss_content\" style=\"\"><p>La senadora se diferenci\u00f3 del resto del gobierno respecto de los periodistas.El ex Presidente hace su juego electoral.<\/p><\/div><\/li><li  style=\"padding: 15px 0 25px\" class=\"rss_item\"><div class=\"rss_image\" style=\"height:150px;width:150px;\"><a href=\"https:\/\/www.clarin.com\/politica\/previa-dia-trabajador-cgt-marcha-plaza-mayo-imagina-nuevo-paro-general-milei_0_D7N4Dzm4Lf.html\" target=\"_blank\" rel=\" noopener\" title=\"En la previa al D\u00eda del Trabajador, la CGT marcha a Plaza de Mayo y ya imagina un nuevo paro general contra Milei\" style=\"height:150px;width:150px;\"><img decoding=\"async\" src=\"https:\/\/www.clarin.com\/img\/2026\/04\/05\/C3pT-uPrk_1200x630__1.jpg\" title=\"En la previa al D\u00eda del Trabajador, la CGT marcha a Plaza de Mayo y ya imagina un nuevo paro general contra Milei\" style=\"height:150px;width:150px;\"><\/a><\/div><span class=\"title\"><a href=\"https:\/\/www.clarin.com\/politica\/previa-dia-trabajador-cgt-marcha-plaza-mayo-imagina-nuevo-paro-general-milei_0_D7N4Dzm4Lf.html\" target=\"_blank\" rel=\" noopener\">En la previa al D\u00eda del Trabajador, la CGT marcha a Plaza de Mayo y ya imagina un nuevo paro general contra Milei<\/a><\/span><div class=\"rss_content\" style=\"\"><p>Se movilizar\u00e1 este jueves en rechazo a la reforma laboral y la pol\u00edtica econ\u00f3mica de la administraci\u00f3n libertaria.Se leer\u00e1 un duro documento que denunciar\u00e1 el cierre de empresas, el deterioro de los salarios y el endeudamiento de las familias.<\/p><\/div><\/li><li  style=\"padding: 15px 0 25px\" class=\"rss_item\"><div class=\"rss_image\" style=\"height:150px;width:150px;\"><a href=\"https:\/\/www.clarin.com\/politica\/multa-gremio-ferroviario-acatar-conciliacion-obligatoria-21241-millones-pesos_0_3F6RLXJdTZ.html\" target=\"_blank\" rel=\" noopener\" title=\"Multa millonaria a un gremio ferroviario por no acatar la conciliaci\u00f3n obligatoria: 21.241.500.000 pesos\" style=\"height:150px;width:150px;\"><img decoding=\"async\" src=\"https:\/\/www.clarin.com\/img\/2025\/01\/28\/hTgF0WT9D_1200x630__1.jpg\" title=\"Multa millonaria a un gremio ferroviario por no acatar la conciliaci\u00f3n obligatoria: 21.241.500.000 pesos\" style=\"height:150px;width:150px;\"><\/a><\/div><span class=\"title\"><a href=\"https:\/\/www.clarin.com\/politica\/multa-gremio-ferroviario-acatar-conciliacion-obligatoria-21241-millones-pesos_0_3F6RLXJdTZ.html\" target=\"_blank\" rel=\" noopener\">Multa millonaria a un gremio ferroviario por no acatar la conciliaci\u00f3n obligatoria: 21.241.500.000 pesos<\/a><\/span><div class=\"rss_content\" style=\"\"><p>Lo inform\u00f3 el Ministerio de Capital Humano, a trav\u00e9s de la Secretar\u00eda de Trabajo.Es por la medida de fuerza tomada el pasado 5 de febrero.Desde el gremio alertan por el deterioro del sector ferroviario.<\/p><\/div><\/li><li  style=\"padding: 15px 0 25px\" class=\"rss_item\"><div class=\"rss_image\" style=\"height:150px;width:150px;\"><a href=\"https:\/\/www.clarin.com\/politica\/santiago-caputo-apunto-horacio-rosatti-acuso-salir-operar-lleven-puesto_0_E5lJJ3dm7O.html\" target=\"_blank\" rel=\" noopener\" title=\"Santiago Caputo apunt\u00f3 contra Horacio Rosatti: lo acus\u00f3 de \"salir a operar, para que no se lo lleven puesto\"\" style=\"height:150px;width:150px;\"><img decoding=\"async\" src=\"https:\/\/www.clarin.com\/img\/2026\/04\/29\/OBvrIPFRL_1200x630__1.jpg\" title=\"Santiago Caputo apunt\u00f3 contra Horacio Rosatti: lo acus\u00f3 de &quot;salir a operar, para que no se lo lleven puesto&quot;\" style=\"height:150px;width:150px;\"><\/a><\/div><span class=\"title\"><a href=\"https:\/\/www.clarin.com\/politica\/santiago-caputo-apunto-horacio-rosatti-acuso-salir-operar-lleven-puesto_0_E5lJJ3dm7O.html\" target=\"_blank\" rel=\" noopener\">Santiago Caputo apunt\u00f3 contra Horacio Rosatti: lo acus\u00f3 de &#8220;salir a operar, para que no se lo lleven puesto&#8221;<\/a><\/span><div class=\"rss_content\" style=\"\"><p>El poderoso asesor presidencial apunt\u00f3 contra el titular de la Corte, hoy cercano a Mahiques y Karina Milei.<\/p><\/div><\/li><\/ul> <\/div><style type=\"text\/css\" media=\"all\">.feedzy-rss .rss_item .rss_image{float:left;position:relative;border:none;text-decoration:none;max-width:100%}.feedzy-rss .rss_item .rss_image span{display:inline-block;position:absolute;width:100%;height:100%;background-position:50%;background-size:cover}.feedzy-rss .rss_item .rss_image{margin:.3em 1em 0 0;content-visibility:auto}.feedzy-rss ul{list-style:none}.feedzy-rss ul li{display:inline-block}<\/style>\n\n\n<p><\/p>\n<\/div>\n<\/div>\n\n\n\n<div class=\"wp-block-columns has-2-columns is-layout-flex wp-container-core-columns-is-layout-2 wp-block-columns-is-layout-flex\">\n<div class=\"wp-block-column is-layout-flow wp-block-column-is-layout-flow\">\n<h2 class=\"wp-block-heading\">ECONOM\u00cdA<\/h2>\n\n\n<div class=\"feedzy-5d3d6da77fc757f4246526a28a081143 feedzy-rss\"><ul><li  style=\"padding: 15px 0 25px\" class=\"rss_item\"><div class=\"rss_image\" style=\"height:150px;width:150px;\"><a href=\"https:\/\/www.clarin.com\/economia\/dolar-blue-hoy-cotiza-jueves-30-abril_0_SE7sWqsUeO.html\" target=\"_blank\" rel=\" noopener\" title=\"D\u00f3lar blue hoy: a cu\u00e1nto cotiza este jueves 30 de abril\" style=\"height:150px;width:150px;\"><img decoding=\"async\" src=\"https:\/\/www.clarin.com\/img\/2018\/10\/03\/HRZHfxgMo_1200x630__1.jpg\" title=\"D\u00f3lar blue hoy: a cu\u00e1nto cotiza este jueves 30 de abril\" style=\"height:150px;width:150px;\"><\/a><\/div><span class=\"title\"><a href=\"https:\/\/www.clarin.com\/economia\/dolar-blue-hoy-cotiza-jueves-30-abril_0_SE7sWqsUeO.html\" target=\"_blank\" rel=\" noopener\">D\u00f3lar blue hoy: a cu\u00e1nto cotiza este jueves 30 de abril<\/a><\/span><div class=\"rss_content\" style=\"\"><p>Mir\u00e1 la cotizaci\u00f3n para la compra y venta del d\u00f3lar blue hoy.La brecha con el d\u00f3lar oficial.<\/p><\/div><\/li><li  style=\"padding: 15px 0 25px\" class=\"rss_item\"><div class=\"rss_image\" style=\"height:150px;width:150px;\"><a href=\"https:\/\/www.clarin.com\/economia\/maxima-zorreguieta-invitada-especial-foro-llao-llao-bariloche_0_2mpWkAOW9n.html\" target=\"_blank\" rel=\" noopener\" title=\"M\u00e1xima Zorreguieta vuelve a la Argentina: ser\u00e1 la invitada especial de un foro econ\u00f3mico en la Patagonia\" style=\"height:150px;width:150px;\"><img decoding=\"async\" src=\"https:\/\/www.clarin.com\/img\/2026\/04\/29\/QHqHCYrNk_1200x630__1.jpg\" title=\"M\u00e1xima Zorreguieta vuelve a la Argentina: ser\u00e1 la invitada especial de un foro econ\u00f3mico en la Patagonia\" style=\"height:150px;width:150px;\"><\/a><\/div><span class=\"title\"><a href=\"https:\/\/www.clarin.com\/economia\/maxima-zorreguieta-invitada-especial-foro-llao-llao-bariloche_0_2mpWkAOW9n.html\" target=\"_blank\" rel=\" noopener\">M\u00e1xima Zorreguieta vuelve a la Argentina: ser\u00e1 la invitada especial de un foro econ\u00f3mico en la Patagonia<\/a><\/span><div class=\"rss_content\" style=\"\"><p>La reina de los Pa\u00edses Bajos participar\u00e1 en su calidad de defensora especial del secretario general de la ONU para la Salud Financiera en el Foro Llao Llao que se hace en Bariloche.Llevar\u00e1 el mensaje de que la salud financiera no solo es buena para las personas y los hogares sino tambi\u00e9n para la econom\u00eda de Argentina.<\/p><\/div><\/li><li  style=\"padding: 15px 0 25px\" class=\"rss_item\"><div class=\"rss_image\" style=\"height:150px;width:150px;\"><a href=\"https:\/\/www.clarin.com\/economia\/milei-hablo-transicion-efectos-colaterales-dijo-alcanzando-logros-tremendos_0_ZuUdYDxnev.html\" target=\"_blank\" rel=\" noopener\" title=\"Milei habl\u00f3 de una \"transici\u00f3n con efectos colaterales\" y volvi\u00f3 a apuntar contra Rocca y Madanes\" style=\"height:150px;width:150px;\"><img decoding=\"async\" src=\"https:\/\/www.clarin.com\/img\/2026\/04\/29\/Pfv7dFrFO_1200x630__1.jpg\" title=\"Milei habl\u00f3 de una &quot;transici\u00f3n con efectos colaterales&quot; y volvi\u00f3 a apuntar contra Rocca y Madanes\" style=\"height:150px;width:150px;\"><\/a><\/div><span class=\"title\"><a href=\"https:\/\/www.clarin.com\/economia\/milei-hablo-transicion-efectos-colaterales-dijo-alcanzando-logros-tremendos_0_ZuUdYDxnev.html\" target=\"_blank\" rel=\" noopener\">Milei habl\u00f3 de una &#8220;transici\u00f3n con efectos colaterales&#8221; y volvi\u00f3 a apuntar contra Rocca y Madanes<\/a><\/span><div class=\"rss_content\" style=\"\"><p>El Presidente dijo que la transici\u00f3n implica &#8220;destrucci\u00f3n creadora&#8221;Le pidi\u00f3 a los empresarios que tengan &#8220;cojones&#8221;Elogi\u00f3 a Caputo y dijo que si alguien no funciona, &#8220;tiro en la cabeza&#8221;<\/p><\/div><\/li><li  style=\"padding: 15px 0 25px\" class=\"rss_item\"><div class=\"rss_image\" style=\"height:150px;width:150px;\"><a href=\"https:\/\/www.clarin.com\/economia\/prat-gay-gobierno-toca-partitura-gusta-wall-street-acceso-credito_0_ASL5ZXDsJP.html\" target=\"_blank\" rel=\" noopener\" title=\"Prat-Gay: \"El Gobierno toca la partitura que m\u00e1s le gusta a Wall Street, pero no tiene acceso al cr\u00e9dito\"\" style=\"height:150px;width:150px;\"><img decoding=\"async\" src=\"https:\/\/www.clarin.com\/img\/2023\/07\/11\/BvLhv13YV_1200x630__1.jpg\" title=\"Prat-Gay: &quot;El Gobierno toca la partitura que m\u00e1s le gusta a Wall Street, pero no tiene acceso al cr\u00e9dito&quot;\" style=\"height:150px;width:150px;\"><\/a><\/div><span class=\"title\"><a href=\"https:\/\/www.clarin.com\/economia\/prat-gay-gobierno-toca-partitura-gusta-wall-street-acceso-credito_0_ASL5ZXDsJP.html\" target=\"_blank\" rel=\" noopener\">Prat-Gay: &#8220;El Gobierno toca la partitura que m\u00e1s le gusta a Wall Street, pero no tiene acceso al cr\u00e9dito&#8221;<\/a><\/span><div class=\"rss_content\" style=\"\"><p>El ex presidente del Banco Central habl\u00f3 hoy en la Expo EFI.&#8221;No tenemos garant\u00edas de que este proceso de cambio termine bien\u201d, se\u00f1al\u00f3.<\/p><\/div><\/li><li  style=\"padding: 15px 0 25px\" class=\"rss_item\"><div class=\"rss_image\" style=\"height:150px;width:150px;\"><a href=\"https:\/\/www.clarin.com\/economia\/banco-central-desacelero-compra-reservas-economia-consiguio-us-850-millones-pagar-deuda_0_U1XwZODk63.html\" target=\"_blank\" rel=\" noopener\" title=\"El Banco Central desaceler\u00f3 la compra de reservas pero Econom\u00eda consigui\u00f3 US$ 850 millones para pagar la deuda\" style=\"height:150px;width:150px;\"><img decoding=\"async\" src=\"https:\/\/www.clarin.com\/img\/2025\/10\/24\/TO7XbXPL3_1200x630__1.jpg\" title=\"El Banco Central desaceler\u00f3 la compra de reservas pero Econom\u00eda consigui\u00f3 US$ 850 millones para pagar la deuda\" style=\"height:150px;width:150px;\"><\/a><\/div><span class=\"title\"><a href=\"https:\/\/www.clarin.com\/economia\/banco-central-desacelero-compra-reservas-economia-consiguio-us-850-millones-pagar-deuda_0_U1XwZODk63.html\" target=\"_blank\" rel=\" noopener\">El Banco Central desaceler\u00f3 la compra de reservas pero Econom\u00eda consigui\u00f3 US$ 850 millones para pagar la deuda<\/a><\/span><div class=\"rss_content\" style=\"\"><p>El Central se &#8220;corri\u00f3&#8221; del mercado y adquiri\u00f3 menos divisas que en las \u00faltimas semanas. El tipo de cambio a\u00fan est\u00e1 20% por debajo del techo de flotaci\u00f3n.<\/p><\/div><\/li><\/ul> <\/div><style type=\"text\/css\" media=\"all\">.feedzy-rss .rss_item .rss_image{float:left;position:relative;border:none;text-decoration:none;max-width:100%}.feedzy-rss .rss_item .rss_image span{display:inline-block;position:absolute;width:100%;height:100%;background-position:50%;background-size:cover}.feedzy-rss .rss_item .rss_image{margin:.3em 1em 0 0;content-visibility:auto}.feedzy-rss ul{list-style:none}.feedzy-rss ul li{display:inline-block}<\/style><\/div>\n\n\n\n<div class=\"wp-block-column is-layout-flow wp-block-column-is-layout-flow\">\n<h2 class=\"wp-block-heading\">DEPORTES<\/h2>\n\n\n<div class=\"feedzy-227d19a07da4bc842353f5998e8f2caa feedzy-rss\"><ul><li  style=\"padding: 15px 0 25px\" class=\"rss_item\"><div class=\"rss_image\" style=\"height:150px;width:150px;\"><a href=\"https:\/\/www.clarin.com\/deportes\/uruguay-pierde-pieza-clave-mundial-2026-arrascaeta-fracturo-clavicula-estudiantes-vs-flamengo-libertadores_0_XM0RN2jqcs.html\" target=\"_blank\" rel=\" noopener\" title=\"\u00bfUruguay pierde otra pieza clave para el Mundial 2026? De Arrascaeta se fractur\u00f3 la clav\u00edcula en Estudiantes vs Flamengo por la Libertadores\" style=\"height:150px;width:150px;\"><img decoding=\"async\" src=\"https:\/\/www.clarin.com\/img\/2026\/04\/30\/xhY17iOhS_1200x630__1.jpg\" title=\"\u00bfUruguay pierde otra pieza clave para el Mundial 2026? De Arrascaeta se fractur\u00f3 la clav\u00edcula en Estudiantes vs Flamengo por la Libertadores\" style=\"height:150px;width:150px;\"><\/a><\/div><span class=\"title\"><a href=\"https:\/\/www.clarin.com\/deportes\/uruguay-pierde-pieza-clave-mundial-2026-arrascaeta-fracturo-clavicula-estudiantes-vs-flamengo-libertadores_0_XM0RN2jqcs.html\" target=\"_blank\" rel=\" noopener\">\u00bfUruguay pierde otra pieza clave para el Mundial 2026? De Arrascaeta se fractur\u00f3 la clav\u00edcula en Estudiantes vs Flamengo por la Libertadores<\/a><\/span><div class=\"rss_content\" style=\"\"><p>El mediocampista, pieza clave para la Selecci\u00f3n que dirige Marcelo Bielsa, se lesion\u00f3 a 47 d\u00edas del Mundial.Ya hab\u00eda perdido al lateral izquierdo Joaqu\u00edn Piquerez por una rotura de ligamentos en la rodilla.Mir\u00e1 el video.<\/p><\/div><\/li><li  style=\"padding: 15px 0 25px\" class=\"rss_item\"><div class=\"rss_image\" style=\"height:150px;width:150px;\"><a href=\"https:\/\/www.clarin.com\/deportes\/dario-benedetto-lanzo-lluvia-insultos-companeros-catolica-gano-barcelona-ecuador-apreto-grupo-boca-libertadores_0_LcdvlX45Ez.html\" target=\"_blank\" rel=\" noopener\" title=\"Dar\u00edo Benedetto lanz\u00f3 una lluvia de insultos a sus compa\u00f1eros: U. Cat\u00f3lica le gan\u00f3 a Barcelona en Ecuador y apret\u00f3 el grupo de Boca en la Libertadores\" style=\"height:150px;width:150px;\"><img decoding=\"async\" src=\"https:\/\/www.clarin.com\/img\/2026\/04\/29\/bRixG_jCC_1200x630__1.jpg\" title=\"Dar\u00edo Benedetto lanz\u00f3 una lluvia de insultos a sus compa\u00f1eros: U. Cat\u00f3lica le gan\u00f3 a Barcelona en Ecuador y apret\u00f3 el grupo de Boca en la Libertadores\" style=\"height:150px;width:150px;\"><\/a><\/div><span class=\"title\"><a href=\"https:\/\/www.clarin.com\/deportes\/dario-benedetto-lanzo-lluvia-insultos-companeros-catolica-gano-barcelona-ecuador-apreto-grupo-boca-libertadores_0_LcdvlX45Ez.html\" target=\"_blank\" rel=\" noopener\">Dar\u00edo Benedetto lanz\u00f3 una lluvia de insultos a sus compa\u00f1eros: U. Cat\u00f3lica le gan\u00f3 a Barcelona en Ecuador y apret\u00f3 el grupo de Boca en la Libertadores<\/a><\/span><div class=\"rss_content\" style=\"\"><p>El delantero argentino explot\u00f3 en medio de la pausa de rehidrataci\u00f3n por el 1-2 de su equipo.Mir\u00e1 el video.<\/p><\/div><\/li><li  style=\"padding: 15px 0 25px\" class=\"rss_item\"><div class=\"rss_image\" style=\"height:150px;width:150px;\"><a href=\"https:\/\/www.clarin.com\/deportes\/franco-mastantuono-jude-bellingham-deslumbraron-masters-1000-madrid_0_ucqaOHHEvn.html\" target=\"_blank\" rel=\" noopener\" title=\"Franco Mastantuono y Jude Bellingham deslumbraron en el Masters 1000 de Madrid\" style=\"height:150px;width:150px;\"><img decoding=\"async\" src=\"https:\/\/www.clarin.com\/img\/2026\/04\/29\/dmj35n1-1_1200x630__1.jpg\" title=\"Franco Mastantuono y Jude Bellingham deslumbraron en el Masters 1000 de Madrid\" style=\"height:150px;width:150px;\"><\/a><\/div><span class=\"title\"><a href=\"https:\/\/www.clarin.com\/deportes\/franco-mastantuono-jude-bellingham-deslumbraron-masters-1000-madrid_0_ucqaOHHEvn.html\" target=\"_blank\" rel=\" noopener\">Franco Mastantuono y Jude Bellingham deslumbraron en el Masters 1000 de Madrid<\/a><\/span><div class=\"rss_content\" style=\"\"><p>El joven argentino fue visto junto al ingl\u00e9s, su amigo inseparable en el plantel del Real madrid.Tambi\u00e9n estuvieron Thibaut Courtois, Andriy Lunin y una figura hist\u00f3rica del club merengue.Las im\u00e1genes, donde se los ve disfrutar distendidos, dieron lugar a las cr\u00edticas con respecto a su decepcionante temporada.<\/p><\/div><\/li><li  style=\"padding: 15px 0 25px\" class=\"rss_item\"><div class=\"rss_image\" style=\"height:150px;width:150px;\"><a href=\"https:\/\/www.clarin.com\/deportes\/fifa-tomo-drastica-decision-jugadores-abandonen-cancha-regira-partir-mundial_0_5YgXE084uj.html\" target=\"_blank\" rel=\" noopener\" title=\"La FIFA tom\u00f3 una dr\u00e1stica decisi\u00f3n con los jugadores que abandonen la cancha y regir\u00e1 a partir del Mundial\" style=\"height:150px;width:150px;\"><img decoding=\"async\" src=\"https:\/\/www.clarin.com\/img\/2026\/01\/19\/_xrwuamrM_1200x630__1.jpg\" title=\"La FIFA tom\u00f3 una dr\u00e1stica decisi\u00f3n con los jugadores que abandonen la cancha y regir\u00e1 a partir del Mundial\" style=\"height:150px;width:150px;\"><\/a><\/div><span class=\"title\"><a href=\"https:\/\/www.clarin.com\/deportes\/fifa-tomo-drastica-decision-jugadores-abandonen-cancha-regira-partir-mundial_0_5YgXE084uj.html\" target=\"_blank\" rel=\" noopener\">La FIFA tom\u00f3 una dr\u00e1stica decisi\u00f3n con los jugadores que abandonen la cancha y regir\u00e1 a partir del Mundial<\/a><\/span><div class=\"rss_content\" style=\"\"><p>Es en reacci\u00f3n al esc\u00e1ndalo que inici\u00f3 Senegal en la final de la Copa Africana.Los \u00e1rbitros podr\u00e1n expulsar a los jugadores que se retiren del campo de juego.Es para evitar reclamos y protestas contra las decisiones del juez o del VAR.<\/p><\/div><\/li><li  style=\"padding: 15px 0 25px\" class=\"rss_item\"><div class=\"rss_image\" style=\"height:150px;width:150px;\"><a href=\"https:\/\/www.clarin.com\/deportes\/cristiano-ronaldo-llego-gol-970-celebro-baile-arabe-sigue-carrera-rumbo-1000_0_AmVK5a1R1f.html\" target=\"_blank\" rel=\" noopener\" title=\"Cristiano Ronaldo lleg\u00f3 al gol 970, celebr\u00f3 con un baile \u00e1rabe y sigue su carrera rumbo a los 1000\" style=\"height:150px;width:150px;\"><img decoding=\"async\" src=\"https:\/\/www.clarin.com\/img\/2026\/04\/29\/gAJ5df7v6_1200x630__1.jpg\" title=\"Cristiano Ronaldo lleg\u00f3 al gol 970, celebr\u00f3 con un baile \u00e1rabe y sigue su carrera rumbo a los 1000\" style=\"height:150px;width:150px;\"><\/a><\/div><span class=\"title\"><a href=\"https:\/\/www.clarin.com\/deportes\/cristiano-ronaldo-llego-gol-970-celebro-baile-arabe-sigue-carrera-rumbo-1000_0_AmVK5a1R1f.html\" target=\"_blank\" rel=\" noopener\">Cristiano Ronaldo lleg\u00f3 al gol 970, celebr\u00f3 con un baile \u00e1rabe y sigue su carrera rumbo a los 1000<\/a><\/span><div class=\"rss_content\" style=\"\"><p>El portugu\u00e9s marc\u00f3 de cabeza en el triunfo 2-0 de Al Nassr sobre Al Ahli por la liga saudita y volvi\u00f3 a extender una cifra hist\u00f3rica.Tras convertir, sorprendi\u00f3 con un festejo especial al colocarse un agal tradicional y bailar junto a sus compa\u00f1eros.A los 41 a\u00f1os, CR7 mantiene intacta su voracidad goleadora y le faltan 30 goles para los mil.<\/p><\/div><\/li><\/ul> <\/div><style type=\"text\/css\" media=\"all\">.feedzy-rss .rss_item .rss_image{float:left;position:relative;border:none;text-decoration:none;max-width:100%}.feedzy-rss .rss_item .rss_image span{display:inline-block;position:absolute;width:100%;height:100%;background-position:50%;background-size:cover}.feedzy-rss .rss_item .rss_image{margin:.3em 1em 0 0;content-visibility:auto}.feedzy-rss ul{list-style:none}.feedzy-rss ul li{display:inline-block}<\/style><\/div>\n<\/div>\n","protected":false},"excerpt":{"rendered":"<p>NOVEDADES POL\u00cdTICA ECONOM\u00cdA DEPORTES<\/p>\n","protected":false},"author":1,"featured_media":0,"parent":0,"menu_order":0,"comment_status":"closed","ping_status":"open","template":"","meta":{"footnotes":""},"class_list":["post-57","page","type-page","status-publish","hentry"],"_links":{"self":[{"href":"https:\/\/fmpower.fmmiradio.com\/index.php?rest_route=\/wp\/v2\/pages\/57"}],"collection":[{"href":"https:\/\/fmpower.fmmiradio.com\/index.php?rest_route=\/wp\/v2\/pages"}],"about":[{"href":"https:\/\/fmpower.fmmiradio.com\/index.php?rest_route=\/wp\/v2\/types\/page"}],"author":[{"embeddable":true,"href":"https:\/\/fmpower.fmmiradio.com\/index.php?rest_route=\/wp\/v2\/users\/1"}],"replies":[{"embeddable":true,"href":"https:\/\/fmpower.fmmiradio.com\/index.php?rest_route=%2Fwp%2Fv2%2Fcomments&post=57"}],"version-history":[{"count":8,"href":"https:\/\/fmpower.fmmiradio.com\/index.php?rest_route=\/wp\/v2\/pages\/57\/revisions"}],"predecessor-version":[{"id":196,"href":"https:\/\/fmpower.fmmiradio.com\/index.php?rest_route=\/wp\/v2\/pages\/57\/revisions\/196"}],"wp:attachment":[{"href":"https:\/\/fmpower.fmmiradio.com\/index.php?rest_route=%2Fwp%2Fv2%2Fmedia&parent=57"}],"curies":[{"name":"wp","href":"https:\/\/api.w.org\/{rel}","templated":true}]}}